{"id":3307,"date":"2023-06-20T11:10:52","date_gmt":"2023-06-20T10:10:52","guid":{"rendered":"https:\/\/www.thestradshop.com\/store\/?post_type=product&#038;p=3307"},"modified":"2025-10-13T10:50:44","modified_gmt":"2025-10-13T09:50:44","slug":"march-2024","status":"publish","type":"product","link":"https:\/\/www.thestradshop.com\/store\/thestrad\/march-2024\/","title":{"rendered":"March 2024"},"content":{"rendered":"<p><strong>Contents:<\/strong><\/p>\n<ul>\n<li><strong>AUGUSTIN HADELICH<\/strong> The superstar violinist talks to Ariane Todes about his European upbringing, his myriad influences and his various performance techniques<\/li>\n<li><strong>LAURENCE LESSER<\/strong> The US cellist and pedagogue looks back on his life and career, with personal reminiscences of some of the greatest string players of the 20th century<\/li>\n<li><strong>OTTO SCH\u00dcNEMANN<\/strong> Now almost forgotten, the 19th-century luthier had an idealistic vision to bring the glories of Cremona to his peers in Germany. Clifford Hall tells his story<\/li>\n<li><strong>SESSION REPORT<\/strong> Violinist Francesca Dego tells Peter Quantrill about the recording of her latest album, which brings together the violin concertos of Brahms and Busoni<\/li>\n<li><strong>PIERRE RODE<\/strong> Born 250 years ago, the French violinist is best remembered for his 24 Caprices \u2013 but there was much more to his life and music, as Charlotte Gardner discovers<\/li>\n<li><strong>DOUBLE BASS SET-UP<\/strong> Arnold Schnitzer presents a practical guide for luthiers and keen instrumentalists encompassing everything from the fingerboard to the soundpost and tailpiece<\/li>\n<\/ul>\n<p><strong>Regulars:<\/strong><\/p>\n<ul>\n<li><strong>IN FOCUS<\/strong> An 1899 viola by Luigi Rovatti<\/li>\n<li><strong>TRADE SECRETS<\/strong> A restoration method for creating a new button on the back plate<\/li>\n<li><strong>MY SPACE<\/strong> Laufer &amp; Klein of Landshut, Germany<\/li>\n<li><strong>MAKING MATTERS<\/strong> Wolfgang Schiele on the use of the \u2018golden ratio\u2019 in Cremonese lutherie<\/li>\n<li><strong>MASTERCLASS<\/strong> Curtis Stewart gives his thoughts on playing the \u2018Blues\u2019 second movement of Ravel\u2019s Violin Sonata no.2 in G major<\/li>\n<li><strong>TECHNIQUE<\/strong> Violinist Jack Liebeck gives hints on how to use the lower half of the bow<\/li>\n<li><strong>LIFE LESSONS<\/strong> The memories and opinions of US double bassist Christopher Hanulik<\/li>\n<li><strong>OPINION<\/strong> Is it more challenging to play at the back of a section than at the front?<\/li>\n<li><strong>POSTCARD FROM HONG KONG<\/strong> A report from the eleventh edition of the Musicus Fest<\/li>\n<li><strong>FROM THE ARCHIVE<\/strong> From March 1914<\/li>\n<li><strong>SENTIMENTAL WORK<\/strong> Violinist Gidon Kremer on Raminta \u0160erk\u0161nyt\u0117\u2019s This too shall pass<\/li>\n<\/ul>\n","protected":false},"excerpt":{"rendered":"<p>We talk to superstar violinist Augustin Hadelich and explore the life of composer Pierre Rode. Cellist Laurence Lesser looks back on his six-decade career and there\u2019s a Masterclass on Ravel\u2019s Violin Sonata no.2. Plus a look at setting up a double bass, and Gidon Kremer reveals his Sentimental Work.<\/p>\n<p><strong><a href=\"https:\/\/www.thestrad.com\/magazine\" target=\"_blank\" rel=\"noopener\">Read more<\/a> in The Strad<\/strong><\/p>\n<p><img loading=\"lazy\" decoding=\"async\" class=\"alignnone size-full wp-image-3309\" src=\"https:\/\/www.thestradshop.com\/store\/wp-content\/uploads\/2024\/02\/2_Banner-1500x300-Subscribe-scaled.jpg\" alt=\"\" width=\"2560\" height=\"512\" srcset=\"https:\/\/www.thestradshop.com\/store\/wp-content\/uploads\/2024\/02\/2_Banner-1500x300-Subscribe-scaled.jpg 2560w, https:\/\/www.thestradshop.com\/store\/wp-content\/uploads\/2024\/02\/2_Banner-1500x300-Subscribe-300x60.jpg 300w, https:\/\/www.thestradshop.com\/store\/wp-content\/uploads\/2024\/02\/2_Banner-1500x300-Subscribe-1024x205.jpg 1024w, https:\/\/www.thestradshop.com\/store\/wp-content\/uploads\/2024\/02\/2_Banner-1500x300-Subscribe-768x154.jpg 768w, https:\/\/www.thestradshop.com\/store\/wp-content\/uploads\/2024\/02\/2_Banner-1500x300-Subscribe-1536x307.jpg 1536w, https:\/\/www.thestradshop.com\/store\/wp-content\/uploads\/2024\/02\/2_Banner-1500x300-Subscribe-2048x410.jpg 2048w, https:\/\/www.thestradshop.com\/store\/wp-content\/uploads\/2024\/02\/2_Banner-1500x300-Subscribe-600x120.jpg 600w\" sizes=\"auto, (max-width: 2560px) 100vw, 2560px\" \/><\/p>\n","protected":false},"featured_media":3308,"comment_status":"closed","ping_status":"closed","template":"","meta":[],"product_brand":[],"product_cat":[108,113],"product_tag":[],"class_list":{"0":"post-3307","1":"product","2":"type-product","3":"status-publish","4":"has-post-thumbnail","6":"product_cat-the-strad-merchandise","7":"product_cat-the-strad-merchandise-single-issue","8":"product_shipping_class-the-strad-standard","10":"first","11":"instock","12":"purchasable","13":"product-type-simple"},"bundled_by":[],"bundle_stock_status":"instock","bundle_stock_quantity":236,"bundle_virtual":false,"bundle_layout":"","bundle_add_to_cart_form_location":"","bundle_editable_in_cart":false,"bundle_sold_individually_context":"","bundle_item_grouping":"","bundle_min_size":"","bundle_max_size":"","bundle_price":[],"bundled_items":[],"bundle_sell_ids":[],"yoast_head":"<!-- This site is optimized with the Yoast SEO plugin v27.2 - https:\/\/yoast.com\/product\/yoast-seo-wordpress\/ -->\n<title>March 2024 - The Strad Shop<\/title>\n<meta name=\"description\" content=\"We talk to superstar violinist Augustin Hadelich and explore the life of composer Pierre Rode. Cellist Laurence Lesser looks back on his six-decade career and there\u2019s a Masterclass on Ravel\u2019s Violin Sonata no.2. Plus a look at setting up a double bass, and Gidon Kremer reveals his Sentimental Work.\" \/>\n<meta name=\"robots\" content=\"index, follow, max-snippet:-1, max-image-preview:large, max-video-preview:-1\" \/>\n<link rel=\"canonical\" href=\"https:\/\/www.thestradshop.com\/store\/thestrad\/march-2024\/\" \/>\n<meta property=\"og:locale\" content=\"en_GB\" \/>\n<meta property=\"og:type\" content=\"article\" \/>\n<meta property=\"og:title\" content=\"March 2024 - The Strad Shop\" \/>\n<meta property=\"og:description\" content=\"We talk to superstar violinist Augustin Hadelich and explore the life of composer Pierre Rode. Cellist Laurence Lesser looks back on his six-decade career and there\u2019s a Masterclass on Ravel\u2019s Violin Sonata no.2. Plus a look at setting up a double bass, and Gidon Kremer reveals his Sentimental Work.\" \/>\n<meta property=\"og:url\" content=\"https:\/\/www.thestradshop.com\/store\/thestrad\/march-2024\/\" \/>\n<meta property=\"og:site_name\" content=\"The Strad Shop\" \/>\n<meta property=\"article:publisher\" content=\"http:\/\/www.facebook.com\/pages\/The-Strad\/261337077226434\" \/>\n<meta property=\"article:modified_time\" content=\"2025-10-13T09:50:44+00:00\" \/>\n<meta property=\"og:image\" content=\"https:\/\/www.thestradshop.com\/store\/wp-content\/uploads\/2024\/02\/5_Front-Cover-780x780-1-scaled.jpg\" \/>\n\t<meta property=\"og:image:width\" content=\"2560\" \/>\n\t<meta property=\"og:image:height\" content=\"2560\" \/>\n\t<meta property=\"og:image:type\" content=\"image\/jpeg\" \/>\n<meta name=\"twitter:card\" content=\"summary_large_image\" \/>\n<meta name=\"twitter:site\" content=\"@TheStradMag\" \/>\n<meta name=\"twitter:label1\" content=\"Estimated reading time\" \/>\n\t<meta name=\"twitter:data1\" content=\"2 minutes\" \/>\n<script type=\"application\/ld+json\" class=\"yoast-schema-graph\">{\"@context\":\"https:\/\/schema.org\",\"@graph\":[{\"@type\":\"WebPage\",\"@id\":\"https:\/\/www.thestradshop.com\/store\/thestrad\/march-2024\/\",\"url\":\"https:\/\/www.thestradshop.com\/store\/thestrad\/march-2024\/\",\"name\":\"March 2024 - The Strad Shop\",\"isPartOf\":{\"@id\":\"https:\/\/www.thestradshop.com\/store\/#website\"},\"primaryImageOfPage\":{\"@id\":\"https:\/\/www.thestradshop.com\/store\/thestrad\/march-2024\/#primaryimage\"},\"image\":{\"@id\":\"https:\/\/www.thestradshop.com\/store\/thestrad\/march-2024\/#primaryimage\"},\"thumbnailUrl\":\"https:\/\/www.thestradshop.com\/store\/wp-content\/uploads\/2024\/02\/5_Front-Cover-780x780-1-scaled.jpg\",\"datePublished\":\"2023-06-20T10:10:52+00:00\",\"dateModified\":\"2025-10-13T09:50:44+00:00\",\"description\":\"We talk to superstar violinist Augustin Hadelich and explore the life of composer Pierre Rode. Cellist Laurence Lesser looks back on his six-decade career and there\u2019s a Masterclass on Ravel\u2019s Violin Sonata no.2. Plus a look at setting up a double bass, and Gidon Kremer reveals his Sentimental Work.\",\"breadcrumb\":{\"@id\":\"https:\/\/www.thestradshop.com\/store\/thestrad\/march-2024\/#breadcrumb\"},\"inLanguage\":\"en-GB\",\"potentialAction\":[{\"@type\":\"ReadAction\",\"target\":[\"https:\/\/www.thestradshop.com\/store\/thestrad\/march-2024\/\"]}]},{\"@type\":\"ImageObject\",\"inLanguage\":\"en-GB\",\"@id\":\"https:\/\/www.thestradshop.com\/store\/thestrad\/march-2024\/#primaryimage\",\"url\":\"https:\/\/www.thestradshop.com\/store\/wp-content\/uploads\/2024\/02\/5_Front-Cover-780x780-1-scaled.jpg\",\"contentUrl\":\"https:\/\/www.thestradshop.com\/store\/wp-content\/uploads\/2024\/02\/5_Front-Cover-780x780-1-scaled.jpg\",\"width\":2560,\"height\":2560},{\"@type\":\"BreadcrumbList\",\"@id\":\"https:\/\/www.thestradshop.com\/store\/thestrad\/march-2024\/#breadcrumb\",\"itemListElement\":[{\"@type\":\"ListItem\",\"position\":1,\"name\":\"Home\",\"item\":\"https:\/\/www.thestradshop.com\/store\/\"},{\"@type\":\"ListItem\",\"position\":2,\"name\":\"Explore our shop\",\"item\":\"https:\/\/www.thestradshop.com\/store\/\"},{\"@type\":\"ListItem\",\"position\":3,\"name\":\"March 2024\"}]},{\"@type\":\"WebSite\",\"@id\":\"https:\/\/www.thestradshop.com\/store\/#website\",\"url\":\"https:\/\/www.thestradshop.com\/store\/\",\"name\":\"The Strad Shop\",\"description\":\"The Strad\",\"publisher\":{\"@id\":\"https:\/\/www.thestradshop.com\/store\/#organization\"},\"potentialAction\":[{\"@type\":\"SearchAction\",\"target\":{\"@type\":\"EntryPoint\",\"urlTemplate\":\"https:\/\/www.thestradshop.com\/store\/?s={search_term_string}\"},\"query-input\":{\"@type\":\"PropertyValueSpecification\",\"valueRequired\":true,\"valueName\":\"search_term_string\"}}],\"inLanguage\":\"en-GB\"},{\"@type\":\"Organization\",\"@id\":\"https:\/\/www.thestradshop.com\/store\/#organization\",\"name\":\"The Strad\",\"url\":\"https:\/\/www.thestradshop.com\/store\/\",\"logo\":{\"@type\":\"ImageObject\",\"inLanguage\":\"en-GB\",\"@id\":\"https:\/\/www.thestradshop.com\/store\/#\/schema\/logo\/image\/\",\"url\":\"https:\/\/www.thestradshop.com\/store\/wp-content\/uploads\/2023\/05\/the-strad-shop-maintenance.png\",\"contentUrl\":\"https:\/\/www.thestradshop.com\/store\/wp-content\/uploads\/2023\/05\/the-strad-shop-maintenance.png\",\"width\":300,\"height\":62,\"caption\":\"The Strad\"},\"image\":{\"@id\":\"https:\/\/www.thestradshop.com\/store\/#\/schema\/logo\/image\/\"},\"sameAs\":[\"http:\/\/www.facebook.com\/pages\/The-Strad\/261337077226434\",\"https:\/\/x.com\/TheStradMag\",\"https:\/\/www.instagram.com\/the_strad_\/\",\"https:\/\/uk.linkedin.com\/company\/the-strad\"]}]}<\/script>\n<!-- \/ Yoast SEO plugin. -->","yoast_head_json":{"title":"March 2024 - The Strad Shop","description":"We talk to superstar violinist Augustin Hadelich and explore the life of composer Pierre Rode. Cellist Laurence Lesser looks back on his six-decade career and there\u2019s a Masterclass on Ravel\u2019s Violin Sonata no.2. Plus a look at setting up a double bass, and Gidon Kremer reveals his Sentimental Work.","robots":{"index":"index","follow":"follow","max-snippet":"max-snippet:-1","max-image-preview":"max-image-preview:large","max-video-preview":"max-video-preview:-1"},"canonical":"https:\/\/www.thestradshop.com\/store\/thestrad\/march-2024\/","og_locale":"en_GB","og_type":"article","og_title":"March 2024 - The Strad Shop","og_description":"We talk to superstar violinist Augustin Hadelich and explore the life of composer Pierre Rode. Cellist Laurence Lesser looks back on his six-decade career and there\u2019s a Masterclass on Ravel\u2019s Violin Sonata no.2. Plus a look at setting up a double bass, and Gidon Kremer reveals his Sentimental Work.","og_url":"https:\/\/www.thestradshop.com\/store\/thestrad\/march-2024\/","og_site_name":"The Strad Shop","article_publisher":"http:\/\/www.facebook.com\/pages\/The-Strad\/261337077226434","article_modified_time":"2025-10-13T09:50:44+00:00","og_image":[{"width":2560,"height":2560,"url":"https:\/\/www.thestradshop.com\/store\/wp-content\/uploads\/2024\/02\/5_Front-Cover-780x780-1-scaled.jpg","type":"image\/jpeg"}],"twitter_card":"summary_large_image","twitter_site":"@TheStradMag","twitter_misc":{"Estimated reading time":"2 minutes"},"schema":{"@context":"https:\/\/schema.org","@graph":[{"@type":"WebPage","@id":"https:\/\/www.thestradshop.com\/store\/thestrad\/march-2024\/","url":"https:\/\/www.thestradshop.com\/store\/thestrad\/march-2024\/","name":"March 2024 - The Strad Shop","isPartOf":{"@id":"https:\/\/www.thestradshop.com\/store\/#website"},"primaryImageOfPage":{"@id":"https:\/\/www.thestradshop.com\/store\/thestrad\/march-2024\/#primaryimage"},"image":{"@id":"https:\/\/www.thestradshop.com\/store\/thestrad\/march-2024\/#primaryimage"},"thumbnailUrl":"https:\/\/www.thestradshop.com\/store\/wp-content\/uploads\/2024\/02\/5_Front-Cover-780x780-1-scaled.jpg","datePublished":"2023-06-20T10:10:52+00:00","dateModified":"2025-10-13T09:50:44+00:00","description":"We talk to superstar violinist Augustin Hadelich and explore the life of composer Pierre Rode. Cellist Laurence Lesser looks back on his six-decade career and there\u2019s a Masterclass on Ravel\u2019s Violin Sonata no.2. Plus a look at setting up a double bass, and Gidon Kremer reveals his Sentimental Work.","breadcrumb":{"@id":"https:\/\/www.thestradshop.com\/store\/thestrad\/march-2024\/#breadcrumb"},"inLanguage":"en-GB","potentialAction":[{"@type":"ReadAction","target":["https:\/\/www.thestradshop.com\/store\/thestrad\/march-2024\/"]}]},{"@type":"ImageObject","inLanguage":"en-GB","@id":"https:\/\/www.thestradshop.com\/store\/thestrad\/march-2024\/#primaryimage","url":"https:\/\/www.thestradshop.com\/store\/wp-content\/uploads\/2024\/02\/5_Front-Cover-780x780-1-scaled.jpg","contentUrl":"https:\/\/www.thestradshop.com\/store\/wp-content\/uploads\/2024\/02\/5_Front-Cover-780x780-1-scaled.jpg","width":2560,"height":2560},{"@type":"BreadcrumbList","@id":"https:\/\/www.thestradshop.com\/store\/thestrad\/march-2024\/#breadcrumb","itemListElement":[{"@type":"ListItem","position":1,"name":"Home","item":"https:\/\/www.thestradshop.com\/store\/"},{"@type":"ListItem","position":2,"name":"Explore our shop","item":"https:\/\/www.thestradshop.com\/store\/"},{"@type":"ListItem","position":3,"name":"March 2024"}]},{"@type":"WebSite","@id":"https:\/\/www.thestradshop.com\/store\/#website","url":"https:\/\/www.thestradshop.com\/store\/","name":"The Strad Shop","description":"The Strad","publisher":{"@id":"https:\/\/www.thestradshop.com\/store\/#organization"},"potentialAction":[{"@type":"SearchAction","target":{"@type":"EntryPoint","urlTemplate":"https:\/\/www.thestradshop.com\/store\/?s={search_term_string}"},"query-input":{"@type":"PropertyValueSpecification","valueRequired":true,"valueName":"search_term_string"}}],"inLanguage":"en-GB"},{"@type":"Organization","@id":"https:\/\/www.thestradshop.com\/store\/#organization","name":"The Strad","url":"https:\/\/www.thestradshop.com\/store\/","logo":{"@type":"ImageObject","inLanguage":"en-GB","@id":"https:\/\/www.thestradshop.com\/store\/#\/schema\/logo\/image\/","url":"https:\/\/www.thestradshop.com\/store\/wp-content\/uploads\/2023\/05\/the-strad-shop-maintenance.png","contentUrl":"https:\/\/www.thestradshop.com\/store\/wp-content\/uploads\/2023\/05\/the-strad-shop-maintenance.png","width":300,"height":62,"caption":"The Strad"},"image":{"@id":"https:\/\/www.thestradshop.com\/store\/#\/schema\/logo\/image\/"},"sameAs":["http:\/\/www.facebook.com\/pages\/The-Strad\/261337077226434","https:\/\/x.com\/TheStradMag","https:\/\/www.instagram.com\/the_strad_\/","https:\/\/uk.linkedin.com\/company\/the-strad"]}]}},"_links":{"self":[{"href":"https:\/\/www.thestradshop.com\/store\/wp-json\/wp\/v2\/product\/3307","targetHints":{"allow":["GET"]}}],"collection":[{"href":"https:\/\/www.thestradshop.com\/store\/wp-json\/wp\/v2\/product"}],"about":[{"href":"https:\/\/www.thestradshop.com\/store\/wp-json\/wp\/v2\/types\/product"}],"replies":[{"embeddable":true,"href":"https:\/\/www.thestradshop.com\/store\/wp-json\/wp\/v2\/comments?post=3307"}],"wp:featuredmedia":[{"embeddable":true,"href":"https:\/\/www.thestradshop.com\/store\/wp-json\/wp\/v2\/media\/3308"}],"wp:attachment":[{"href":"https:\/\/www.thestradshop.com\/store\/wp-json\/wp\/v2\/media?parent=3307"}],"wp:term":[{"taxonomy":"product_brand","embeddable":true,"href":"https:\/\/www.thestradshop.com\/store\/wp-json\/wp\/v2\/product_brand?post=3307"},{"taxonomy":"product_cat","embeddable":true,"href":"https:\/\/www.thestradshop.com\/store\/wp-json\/wp\/v2\/product_cat?post=3307"},{"taxonomy":"product_tag","embeddable":true,"href":"https:\/\/www.thestradshop.com\/store\/wp-json\/wp\/v2\/product_tag?post=3307"}],"curies":[{"name":"wp","href":"https:\/\/api.w.org\/{rel}","templated":true}]}}